{"id":34497,"date":"2025-09-23T11:12:05","date_gmt":"2025-09-23T17:12:05","guid":{"rendered":"https:\/\/casadobrasil.com.mx\/cdb2023\/?page_id=34497"},"modified":"2025-09-29T20:05:41","modified_gmt":"2025-09-30T02:05:41","slug":"calendario-cursos-y-talleres-de-portugues","status":"publish","type":"page","link":"https:\/\/casadobrasil.com.mx\/cdb2023\/calendario-cursos-y-talleres-de-portugues\/","title":{"rendered":"Calendario Cursos y Talleres de Portugu\u00e9s"},"content":{"rendered":"[vc_row type=&#8221;in_container&#8221; full_screen_row_position=&#8221;middle&#8221; column_margin=&#8221;default&#8221; column_direction=&#8221;default&#8221; column_direction_tablet=&#8221;default&#8221; column_direction_phone=&#8221;default&#8221; scene_position=&#8221;center&#8221; text_color=&#8221;dark&#8221; text_align=&#8221;left&#8221; row_border_radius=&#8221;none&#8221; row_border_radius_applies=&#8221;bg&#8221; overflow=&#8221;visible&#8221; overlay_strength=&#8221;0.3&#8243; gradient_direction=&#8221;left_to_right&#8221; shape_divider_position=&#8221;bottom&#8221; bg_image_animation=&#8221;none&#8221;][vc_column column_padding=&#8221;no-extra-padding&#8221; column_padding_tablet=&#8221;inherit&#8221; column_padding_phone=&#8221;inherit&#8221; column_padding_position=&#8221;all&#8221; column_element_direction_desktop=&#8221;default&#8221; column_element_spacing=&#8221;default&#8221; desktop_text_alignment=&#8221;default&#8221; tablet_text_alignment=&#8221;default&#8221; phone_text_alignment=&#8221;default&#8221; background_color_opacity=&#8221;1&#8243; background_hover_color_opacity=&#8221;1&#8243; column_backdrop_filter=&#8221;none&#8221; column_shadow=&#8221;none&#8221; column_border_radius=&#8221;none&#8221; column_link_target=&#8221;_self&#8221; column_position=&#8221;default&#8221; gradient_direction=&#8221;left_to_right&#8221; overlay_strength=&#8221;0.3&#8243; width=&#8221;1\/1&#8243; tablet_width_inherit=&#8221;default&#8221; animation_type=&#8221;default&#8221; bg_image_animation=&#8221;none&#8221; border_type=&#8221;simple&#8221; column_border_width=&#8221;none&#8221; column_border_style=&#8221;solid&#8221;][vc_column_text css=&#8221;&#8221; text_direction=&#8221;default&#8221;]\r\n<h1 align=\"center\">Cursos, Talleres y Calendario de Feriados<\/h1>\r\n[\/vc_column_text][\/vc_column][\/vc_row][vc_row type=&#8221;in_container&#8221; full_screen_row_position=&#8221;middle&#8221; column_margin=&#8221;default&#8221; column_direction=&#8221;default&#8221; column_direction_tablet=&#8221;default&#8221; column_direction_phone=&#8221;default&#8221; scene_position=&#8221;center&#8221; text_color=&#8221;dark&#8221; text_align=&#8221;left&#8221; row_border_radius=&#8221;none&#8221; row_border_radius_applies=&#8221;bg&#8221; overflow=&#8221;visible&#8221; overlay_strength=&#8221;0.3&#8243; gradient_direction=&#8221;left_to_right&#8221; shape_divider_position=&#8221;bottom&#8221; bg_image_animation=&#8221;none&#8221;][vc_column column_padding=&#8221;no-extra-padding&#8221; column_padding_tablet=&#8221;inherit&#8221; column_padding_phone=&#8221;inherit&#8221; column_padding_position=&#8221;all&#8221; column_element_direction_desktop=&#8221;default&#8221; column_element_spacing=&#8221;default&#8221; desktop_text_alignment=&#8221;default&#8221; tablet_text_alignment=&#8221;default&#8221; phone_text_alignment=&#8221;default&#8221; background_color_opacity=&#8221;1&#8243; background_hover_color_opacity=&#8221;1&#8243; column_backdrop_filter=&#8221;none&#8221; column_shadow=&#8221;none&#8221; column_border_radius=&#8221;none&#8221; column_link_target=&#8221;_self&#8221; column_position=&#8221;default&#8221; gradient_direction=&#8221;left_to_right&#8221; overlay_strength=&#8221;0.3&#8243; width=&#8221;1\/1&#8243; tablet_width_inherit=&#8221;default&#8221; animation_type=&#8221;default&#8221; bg_image_animation=&#8221;none&#8221; border_type=&#8221;simple&#8221; column_border_width=&#8221;none&#8221; column_border_style=&#8221;solid&#8221;][vc_column_text css=&#8221;&#8221; text_direction=&#8221;default&#8221;]\r\n<div class=\"wp-block-group has-border-color has-slate-300-border-color has-white-background-color has-background\" style=\"border-width: 1px; border-radius: 16px; padding: 24px;\">\r\n<h1 class=\"wp-block-heading\">Calendario 2025 &amp; 2026<\/h1>\r\n<p><br \/>Consulta fechas de inicio, feriados, clases de demostraci\u00f3n y ciclos de nuestros cursos. Todo en un solo lugar, con enlaces directos para inscribirte.<\/p>\r\n<p align=\"center\"><b data-stringify-type=\"bold\">Aviso:<\/b>\u00a0El calendario est\u00e1 sujeto a cambios y la apertura de grupos depende de la disponibilidad.<\/p>\r\n\r\n<div class=\"wp-block-buttons is-layout-flex wp-block-buttons-is-layout-flex\">\r\n<div class=\"wp-block-button\"><a class=\"wp-block-button__link has-black-color has-vivid-green-cyan-background-color has-text-color has-background\" href=\"#demo\">Clases DEMO<\/a><\/div>\r\n<br \/>\r\n<div class=\"wp-block-button\"><a class=\"wp-block-button__link has-white-color has-vivid-cyan-blue-background-color has-text-color has-background\" href=\"#trimestral\">Cursos Trimestrales<\/a><\/div>\r\n<br \/>\r\n<div class=\"wp-block-button\"><a class=\"wp-block-button__link has-black-color has-luminous-vivid-amber-background-color has-text-color has-background\" href=\"#pfacil\">Portugu\u00e9s F\u00e1cil 01 y 02<\/a><\/div>\r\n<br \/>\r\n<div class=\"wp-block-button\"><a class=\"wp-block-button__link has-white-color has-vivid-cyan-blue-background-color has-text-color has-background\" href=\"#bimestral\">Cursos Bimestrales<\/a><\/div>\r\n<br \/>\r\n<div class=\"wp-block-button\"><a class=\"wp-block-button__link has-black-color has-light-green-cyan-background-color has-text-color has-background\" href=\"#taller\">Taller de conversaci\u00f3n<\/a><\/div>\r\n<\/div>\r\n<\/div>\r\n<p><!-- \/wp:post-content --><!-- AVISO \/ EXAMEN DE COLOCACI\u00d3N -->\u00a0<\/p>\r\n<!-- wp:group {\"style\":{\"spacing\":{\"padding\":{\"top\":\"16px\",\"bottom\":\"16px\",\"left\":\"16px\",\"right\":\"16px\"}},\"border\":{\"radius\":\"12px\",\"width\":\"1px\"}},\"borderColor\":\"slate-300\",\"backgroundColor\":\"light-gray\"} -->\r\n<div class=\"wp-block-group has-border-color has-slate-300-border-color has-light-gray-background-color has-background\" style=\"border-width: 1px; border-radius: 12px; padding: 16px;\"><!-- wp:heading {\"level\":3} -->\r\n<h3>\u00bfTienes conocimientos previos?<\/h3>\r\n<p><!-- \/wp:heading --><br \/><!-- wp:paragraph -->Realiza un Examen de Colocaci\u00f3n. Si superas el nivel <strong>A1<\/strong>, puedes integrarte a <strong>cualquier grupo<\/strong> en cualquier fecha (seg\u00fan disponibilidad).<\/p>\r\n<!-- \/wp:paragraph --><\/div>\r\n<p><!-- \/wp:group --><!-- FERIADOS -->\u00a0<\/p>\r\n<!-- wp:heading {\"level\":2} -->\r\n<h2 id=\"feriados\">Feriados 2025 &amp; 2026 (No habr\u00e1 clases ni labores)<\/h2>\r\n<p><!-- \/wp:heading -->\u00a0<\/p>\r\n<!-- wp:table {\"className\":\"is-style-stripes\"} -->\r\n<figure class=\"wp-block-table is-style-stripes\">\r\n<table>\r\n<thead>\r\n<tr>\r\n<th>Fecha<\/th>\r\n<th>Descripci\u00f3n<\/th>\r\n<th>Estado<\/th>\r\n<\/tr>\r\n<\/thead>\r\n<tbody>\r\n<tr>\r\n<td>Viernes, 09 de enero 2026<\/td>\r\n<td>Inicio de cursos 2026<\/td>\r\n<td>\u2705 Activos<\/td>\r\n<\/tr>\r\n<tr>\r\n<td>Lunes, 2 de febrero 2026<\/td>\r\n<td>D\u00eda de la Constituci\u00f3n Mexicana<\/td>\r\n<td>\u26d4 Sin clases<\/td>\r\n<\/tr>\r\n<tr>\r\n<td>Probable: 21 y 22 ABR 2026<\/td>\r\n<td>Celpe-Bras<\/td>\r\n<td>\ud83d\udcdd Examen<\/td>\r\n<\/tr>\r\n<tr>\r\n<td>Lunes 16 MAR 2026<\/td>\r\n<td>Natalicio de Benito Ju\u00e1rez<\/td>\r\n<td>\u26d4 Sin clases<\/td>\r\n<\/tr>\r\n<tr>\r\n<td>Viernes 03 al Domingo 05 de abril\u00a0 2026<\/td>\r\n<td>Semana Santa<\/td>\r\n<td>\u26d4 Sin clases<\/td>\r\n<\/tr>\r\n<tr>\r\n<td>Viernes 01 MAY 2026<\/td>\r\n<td>D\u00eda del Trabajo<\/td>\r\n<td>\u26d4 Sin clases<\/td>\r\n<\/tr>\r\n<tr>\r\n<td>Viernes, 12, S\u00e1bado 13, Domingo 14, Lunes 15, Martes, 16 de septiembre 2025<\/td>\r\n<td>Independencia de M\u00e9xico<\/td>\r\n<td>\u26d4 Sin clases<\/td>\r\n<\/tr>\r\n<tr>\r\n<td>Martes 20 y 21 OCT 2025<\/td>\r\n<td>Celpe-Bras<\/td>\r\n<td>\ud83d\udcdd Examen<\/td>\r\n<\/tr>\r\n<tr>\r\n<td>S\u00e1bado, 01 y Domingo, 2 de noviembre 2025<\/td>\r\n<td>D\u00eda de Muertos<\/td>\r\n<td>\u26d4 Sin clases<\/td>\r\n<\/tr>\r\n<tr>\r\n<td>Lunes, 17 de Noviembre, 2025<\/td>\r\n<td>Revoluci\u00f3n Mexicana<\/td>\r\n<td>\u26d4 Sin clases<\/td>\r\n<\/tr>\r\n<tr>\r\n<td>Domingo, 14 de diciembre 2025<\/td>\r\n<td>\u00daltimo d\u00eda de clases 2025<\/td>\r\n<td>\u2705 Cierre<\/td>\r\n<\/tr>\r\n<tr>\r\n<td>Viernes, 09 de enero 2026<\/td>\r\n<td>Inicio de clases 2026<\/td>\r\n<td>\u2705 Activos<\/td>\r\n<\/tr>\r\n<\/tbody>\r\n<\/table>\r\n<\/figure>\r\n<p><!-- \/wp:table --><!-- CLASES DEMO -->\u00a0<\/p>\r\n<!-- wp:heading {\"level\":2} -->\r\n<h2 id=\"demo\">Clases DEMO (gratuitas)<\/h2>\r\n<p><!-- \/wp:heading --><br \/><!-- wp:paragraph -->M\u00e1ximo 12 personas por sesi\u00f3n. Reserva desde la <a href=\"https:\/\/casadobrasil.com.mx\/cdb2023\/producto\/clase-demo-de-portugues\/\" target=\"_blank\" rel=\"noopener\">p\u00e1gina de Clase DEMO<\/a>.<\/p>\r\n<p><!-- \/wp:paragraph -->\u00a0<\/p>\r\n<!-- wp:heading {\"level\":3} -->\r\n<h3>Clases DEMO 2026<\/h3>\r\n<p><!-- \/wp:heading -->\u00a0<\/p>\r\n<!-- wp:table {\"className\":\"is-style-stripes\"} -->\r\n<figure class=\"wp-block-table is-style-stripes\">\r\n<table>\r\n<thead>\r\n<tr>\r\n<th>Fecha<\/th>\r\n<th>Horario<\/th>\r\n<th>Cupo<\/th>\r\n<th>Reserva<\/th>\r\n<\/tr>\r\n<\/thead>\r\n<tbody>\r\n<tr>\r\n<td>08 enero 2026 (Jue)<\/td>\r\n<td>19:30\u201321:00<\/td>\r\n<td>M\u00e1x. 12<\/td>\r\n<td><a href=\"https:\/\/casadobrasil.com.mx\/cdb2023\/producto\/clase-demo-de-portugues\/\" target=\"_blank\" rel=\"noopener\">Reservar<\/a><\/td>\r\n<\/tr>\r\n<tr>\r\n<td>10 enero 2026 (S\u00e1b)<\/td>\r\n<td>12:00\u201313:30<\/td>\r\n<td>M\u00e1x. 12<\/td>\r\n<td><a href=\"https:\/\/casadobrasil.com.mx\/cdb2023\/producto\/clase-demo-de-portugues\/\" target=\"_blank\" rel=\"noopener\">Reservar<\/a><\/td>\r\n<\/tr>\r\n<tr>\r\n<td>17 enero 2026 (S\u00e1b)<\/td>\r\n<td>12:00\u201313:30<\/td>\r\n<td>M\u00e1x. 12<\/td>\r\n<td><a href=\"https:\/\/casadobrasil.com.mx\/cdb2023\/producto\/clase-demo-de-portugues\/\" target=\"_blank\" rel=\"noopener\">Reservar<\/a><\/td>\r\n<\/tr>\r\n<\/tbody>\r\n<\/table>\r\n<\/figure>\r\n<p><!-- \/wp:table -->\u00a0<\/p>\r\n<!-- wp:heading {\"level\":3} -->\r\n<h3>Clases DEMO 2025<\/h3>\r\n<p><!-- \/wp:heading -->\u00a0<\/p>\r\n<!-- wp:table {\"className\":\"is-style-stripes\"} -->\r\n<figure class=\"wp-block-table is-style-stripes\">\r\n<table>\r\n<thead>\r\n<tr>\r\n<th>Fecha<\/th>\r\n<th>Horario<\/th>\r\n<th>Cupo<\/th>\r\n<th>Reserva<\/th>\r\n<\/tr>\r\n<\/thead>\r\n<tbody>\r\n<tr>\r\n<td>01 marzo 2025<\/td>\r\n<td>12:00\u201313:30<\/td>\r\n<td>M\u00e1x. 12<\/td>\r\n<td><a href=\"https:\/\/casadobrasil.com.mx\/cdb2023\/producto\/clase-demo-de-portugues\/\" target=\"_blank\" rel=\"noopener\">Reservar<\/a><\/td>\r\n<\/tr>\r\n<tr>\r\n<td>15 marzo 2025<\/td>\r\n<td>12:00\u201313:30<\/td>\r\n<td>M\u00e1x. 12<\/td>\r\n<td><a href=\"https:\/\/casadobrasil.com.mx\/cdb2023\/producto\/clase-demo-de-portugues\/\" target=\"_blank\" rel=\"noopener\">Reservar<\/a><\/td>\r\n<\/tr>\r\n<tr>\r\n<td>29 marzo 2025<\/td>\r\n<td>12:00\u201313:30<\/td>\r\n<td>M\u00e1x. 12<\/td>\r\n<td><a href=\"https:\/\/casadobrasil.com.mx\/cdb2023\/producto\/clase-demo-de-portugues\/\" target=\"_blank\" rel=\"noopener\">Reservar<\/a><\/td>\r\n<\/tr>\r\n<tr>\r\n<td>12 abril 2025<\/td>\r\n<td>12:00\u201313:30<\/td>\r\n<td>M\u00e1x. 12<\/td>\r\n<td><a href=\"https:\/\/casadobrasil.com.mx\/cdb2023\/producto\/clase-demo-de-portugues\/\" target=\"_blank\" rel=\"noopener\">Reservar<\/a><\/td>\r\n<\/tr>\r\n<tr>\r\n<td>26 abril 2025<\/td>\r\n<td>12:00\u201313:30<\/td>\r\n<td>M\u00e1x. 12<\/td>\r\n<td><a href=\"https:\/\/casadobrasil.com.mx\/cdb2023\/producto\/clase-demo-de-portugues\/\" target=\"_blank\" rel=\"noopener\">Reservar<\/a><\/td>\r\n<\/tr>\r\n<tr>\r\n<td>10 mayo 2025<\/td>\r\n<td>12:00\u201313:30<\/td>\r\n<td>M\u00e1x. 12<\/td>\r\n<td><a href=\"https:\/\/casadobrasil.com.mx\/cdb2023\/producto\/clase-demo-de-portugues\/\" target=\"_blank\" rel=\"noopener\">Reservar<\/a><\/td>\r\n<\/tr>\r\n<tr>\r\n<td>31 mayo 2025<\/td>\r\n<td>12:00\u201313:30<\/td>\r\n<td>M\u00e1x. 12<\/td>\r\n<td><a href=\"https:\/\/casadobrasil.com.mx\/cdb2023\/producto\/clase-demo-de-portugues\/\" target=\"_blank\" rel=\"noopener\">Reservar<\/a><\/td>\r\n<\/tr>\r\n<tr>\r\n<td>14 junio 2025<\/td>\r\n<td>12:00\u201313:30<\/td>\r\n<td>M\u00e1x. 12<\/td>\r\n<td><a href=\"https:\/\/casadobrasil.com.mx\/cdb2023\/producto\/clase-demo-de-portugues\/\" target=\"_blank\" rel=\"noopener\">Reservar<\/a><\/td>\r\n<\/tr>\r\n<tr>\r\n<td>28 junio 2025<\/td>\r\n<td>12:00\u201313:30<\/td>\r\n<td>M\u00e1x. 12<\/td>\r\n<td><a href=\"https:\/\/casadobrasil.com.mx\/cdb2023\/producto\/clase-demo-de-portugues\/\" target=\"_blank\" rel=\"noopener\">Reservar<\/a><\/td>\r\n<\/tr>\r\n<tr>\r\n<td>05 julio 2025<\/td>\r\n<td>12:00\u201313:30<\/td>\r\n<td>M\u00e1x. 12<\/td>\r\n<td><a href=\"https:\/\/casadobrasil.com.mx\/cdb2023\/producto\/clase-demo-de-portugues\/\" target=\"_blank\" rel=\"noopener\">Reservar<\/a><\/td>\r\n<\/tr>\r\n<tr>\r\n<td>26 julio 2025<\/td>\r\n<td>12:00\u201313:30<\/td>\r\n<td>M\u00e1x. 12<\/td>\r\n<td><a href=\"https:\/\/casadobrasil.com.mx\/cdb2023\/producto\/clase-demo-de-portugues\/\" target=\"_blank\" rel=\"noopener\">Reservar<\/a><\/td>\r\n<\/tr>\r\n<tr>\r\n<td>09 agosto 2025<\/td>\r\n<td>12:00\u201313:30<\/td>\r\n<td>M\u00e1x. 12<\/td>\r\n<td><a href=\"https:\/\/casadobrasil.com.mx\/cdb2023\/producto\/clase-demo-de-portugues\/\" target=\"_blank\" rel=\"noopener\">Reservar<\/a><\/td>\r\n<\/tr>\r\n<tr>\r\n<td>23 agosto 2025<\/td>\r\n<td>12:00\u201313:30<\/td>\r\n<td>M\u00e1x. 12<\/td>\r\n<td><a href=\"https:\/\/casadobrasil.com.mx\/cdb2023\/producto\/clase-demo-de-portugues\/\" target=\"_blank\" rel=\"noopener\">Reservar<\/a><\/td>\r\n<\/tr>\r\n<tr>\r\n<td>06 septiembre 2025<\/td>\r\n<td>12:00\u201313:30<\/td>\r\n<td>M\u00e1x. 12<\/td>\r\n<td><a href=\"https:\/\/casadobrasil.com.mx\/cdb2023\/producto\/clase-demo-de-portugues\/\" target=\"_blank\" rel=\"noopener\">Reservar<\/a><\/td>\r\n<\/tr>\r\n<tr>\r\n<td>20 septiembre 2025<\/td>\r\n<td>12:00\u201313:30<\/td>\r\n<td>M\u00e1x. 12<\/td>\r\n<td><a href=\"https:\/\/casadobrasil.com.mx\/cdb2023\/producto\/clase-demo-de-portugues\/\" target=\"_blank\" rel=\"noopener\">Reservar<\/a><\/td>\r\n<\/tr>\r\n<tr>\r\n<td>11 octubre 2025<\/td>\r\n<td>12:00\u201313:30<\/td>\r\n<td>M\u00e1x. 12<\/td>\r\n<td><a href=\"https:\/\/casadobrasil.com.mx\/cdb2023\/producto\/clase-demo-de-portugues\/\" target=\"_blank\" rel=\"noopener\">Reservar<\/a><\/td>\r\n<\/tr>\r\n<tr>\r\n<td>25 octubre 2025<\/td>\r\n<td>12:00\u201313:30<\/td>\r\n<td>M\u00e1x. 12<\/td>\r\n<td><a href=\"https:\/\/casadobrasil.com.mx\/cdb2023\/producto\/clase-demo-de-portugues\/\" target=\"_blank\" rel=\"noopener\">Reservar<\/a><\/td>\r\n<\/tr>\r\n<tr>\r\n<td>08 noviembre 2025<\/td>\r\n<td>12:00\u201313:30<\/td>\r\n<td>M\u00e1x. 12<\/td>\r\n<td><a href=\"https:\/\/casadobrasil.com.mx\/cdb2023\/producto\/clase-demo-de-portugues\/\" target=\"_blank\" rel=\"noopener\">Reservar<\/a><\/td>\r\n<\/tr>\r\n<tr>\r\n<td>29 noviembre 2025<\/td>\r\n<td>12:00\u201313:30<\/td>\r\n<td>M\u00e1x. 12<\/td>\r\n<td><a href=\"https:\/\/casadobrasil.com.mx\/cdb2023\/producto\/clase-demo-de-portugues\/\" target=\"_blank\" rel=\"noopener\">Reservar<\/a><\/td>\r\n<\/tr>\r\n<tr>\r\n<td>13 diciembre 2025<\/td>\r\n<td>12:00\u201313:30<\/td>\r\n<td>M\u00e1x. 12<\/td>\r\n<td><a href=\"https:\/\/casadobrasil.com.mx\/cdb2023\/producto\/clase-demo-de-portugues\/\" target=\"_blank\" rel=\"noopener\">Reservar<\/a><\/td>\r\n<\/tr>\r\n<\/tbody>\r\n<\/table>\r\n<\/figure>\r\n<p><!-- \/wp:table --><!-- CURSOS TRIMESTRALES -->\u00a0<\/p>\r\n<!-- wp:heading {\"level\":2} -->\r\n<h2 id=\"trimestral\">\ud83c\udfaf Cursos Trimestrales<\/h2>\r\n<p><!-- \/wp:heading --><br \/><!-- wp:paragraph -->Compra y detalles en <a href=\"https:\/\/casadobrasil.com.mx\/cdb2023\/categoria-producto\/fale-comigo\/trimestral\/\" target=\"_blank\" rel=\"noopener\">esta categor\u00eda<\/a>.<\/p>\r\n<p><!-- \/wp:paragraph --><b>Calendario<\/b><\/p>\r\n<!-- wp:details --><details class=\"wp-block-details\">\r\n<summary>\ud83d\uddd3\ufe0f Enero 2026<\/summary>\r\n<figure class=\"wp-block-table\">\r\n<table>\r\n<thead>\r\n<tr>\r\n<th>D\u00edas<\/th>\r\n<th>Periodo<\/th>\r\n<th>Horario<\/th>\r\n<\/tr>\r\n<\/thead>\r\n<tbody>\r\n<tr>\r\n<td>Viernes<\/td>\r\n<td>09 Ene \u2013 20 Mar<\/td>\r\n<td>14:00\u201317:30<\/td>\r\n<\/tr>\r\n<tr>\r\n<td>S\u00e1bados<\/td>\r\n<td>10 Ene \u2013 21 Mar<\/td>\r\n<td>09:00\u201312:30<\/td>\r\n<\/tr>\r\n<tr>\r\n<td>Domingos<\/td>\r\n<td>11 Ene \u2013 22 Mar<\/td>\r\n<td>10:00\u201313:30<\/td>\r\n<\/tr>\r\n<\/tbody>\r\n<\/table>\r\n<\/figure>\r\n<\/details>\r\n<p><!-- \/wp:details -->\u00a0<\/p>\r\n<!-- wp:details --><details class=\"wp-block-details\">\r\n<summary>\ud83d\uddd3\ufe0f Abril 2026<\/summary>\r\n<figure class=\"wp-block-table\">\r\n<table>\r\n<thead>\r\n<tr>\r\n<th>D\u00edas<\/th>\r\n<th>Periodo<\/th>\r\n<th>Horario<\/th>\r\n<\/tr>\r\n<\/thead>\r\n<tbody>\r\n<tr>\r\n<td>Viernes<\/td>\r\n<td>10 Abr \u2013 26 Jun<\/td>\r\n<td>14:00\u201317:30<\/td>\r\n<\/tr>\r\n<tr>\r\n<td>S\u00e1bados<\/td>\r\n<td>11 Abr \u2013 20 Jun<\/td>\r\n<td>09:00\u201312:30<\/td>\r\n<\/tr>\r\n<tr>\r\n<td>Domingos<\/td>\r\n<td>12 Abr \u2013 21 Jun<\/td>\r\n<td>10:00\u201313:30<\/td>\r\n<\/tr>\r\n<\/tbody>\r\n<\/table>\r\n<\/figure>\r\n<\/details>\r\n<p><!-- \/wp:details -->\u00a0<\/p>\r\n<!-- wp:details --><details class=\"wp-block-details\">\r\n<summary>\ud83d\uddd3\ufe0f Julio 2025<\/summary>\r\n<figure class=\"wp-block-table\">\r\n<table>\r\n<thead>\r\n<tr>\r\n<th>D\u00edas<\/th>\r\n<th>Periodo<\/th>\r\n<th>Horario<\/th>\r\n<\/tr>\r\n<\/thead>\r\n<tbody>\r\n<tr>\r\n<td>Viernes<\/td>\r\n<td>03 Jul \u2013 18 Sep<\/td>\r\n<td>14:00\u201317:30<\/td>\r\n<\/tr>\r\n<tr>\r\n<td>S\u00e1bados<\/td>\r\n<td>04 Jul \u2013 19 Sep<\/td>\r\n<td>09:00\u201312:30<\/td>\r\n<\/tr>\r\n<tr>\r\n<td>Domingos<\/td>\r\n<td>05 Jul \u2013 20 Sep<\/td>\r\n<td>10:00\u201313:30<\/td>\r\n<\/tr>\r\n<\/tbody>\r\n<\/table>\r\n<\/figure>\r\n<\/details>\r\n<p><!-- \/wp:details -->\u00a0<\/p>\r\n<!-- wp:details --><details class=\"wp-block-details\">\r\n<summary>\ud83d\uddd3\ufe0f Septiembre 2025<\/summary>\r\n<figure class=\"wp-block-table\">\r\n<table>\r\n<thead>\r\n<tr>\r\n<th>D\u00edas<\/th>\r\n<th>Periodo<\/th>\r\n<th>Horario<\/th>\r\n<\/tr>\r\n<\/thead>\r\n<tbody>\r\n<tr>\r\n<td>Viernes<\/td>\r\n<td>26 Sep \u2013 05 Dic<\/td>\r\n<td>14:00\u201317:30<\/td>\r\n<\/tr>\r\n<tr>\r\n<td>S\u00e1bados<\/td>\r\n<td>27 Sep \u2013 13 Dic<\/td>\r\n<td>09:00\u201312:30<\/td>\r\n<\/tr>\r\n<tr>\r\n<td>Domingos<\/td>\r\n<td>28 Sep \u2013 14 Dic<\/td>\r\n<td>10:00\u201313:30<\/td>\r\n<\/tr>\r\n<\/tbody>\r\n<\/table>\r\n<\/figure>\r\n<\/details>\r\n<p><!-- \/wp:details --><!-- PORTUGU\u00c9S F\u00c1CIL 01 y 02 -->\u00a0<\/p>\r\n<!-- wp:heading {\"level\":2} -->\r\n<h2 id=\"pfacil\">\ud83e\udded Portugu\u00e9s F\u00e1cil 2026<\/h2>\r\n<p><!-- \/wp:heading --><br \/><!-- wp:paragraph -->Compra y detalles:<br \/><a href=\"https:\/\/casadobrasil.com.mx\/cdb2023\/categoria-producto\/portugues-facil\/portugues-facil-1\/\" target=\"_blank\" rel=\"noopener\">Portugu\u00e9s F\u00e1cil 01<\/a> \u00b7<br \/><a href=\"https:\/\/casadobrasil.com.mx\/cdb2023\/categoria-producto\/portugues-facil\/portugues-facil-2\/\" target=\"_blank\" rel=\"noopener\">Portugu\u00e9s F\u00e1cil 02<\/a><\/p>\r\n<p><!-- \/wp:paragraph --><!-- PF01 --><b>Calendario<\/b><\/p>\r\n<!-- wp:details --><details class=\"wp-block-details\">\r\n<summary>\ud83d\udcd8 Portugu\u00e9s F\u00e1cil 01<\/summary>\r\n<!-- Enero --><br \/><!-- wp:details --><details class=\"wp-block-details\">\r\n<summary>\ud83d\uddd3\ufe0f Enero 2026<\/summary>\r\n<figure class=\"wp-block-table\">\r\n<table>\r\n<thead>\r\n<tr>\r\n<th>D\u00edas<\/th>\r\n<th>Periodo<\/th>\r\n<th>Horario<\/th>\r\n<\/tr>\r\n<\/thead>\r\n<tbody>\r\n<tr>\r\n<td>Lunes y Mi\u00e9rcoles<\/td>\r\n<td>19 Ene \u2013 15 Jun<\/td>\r\n<td>19:30\u201321:00<\/td>\r\n<\/tr>\r\n<tr>\r\n<td>Martes y Jueves<\/td>\r\n<td>20 Ene \u2013 09 Jun<\/td>\r\n<td>19:30\u201321:00<\/td>\r\n<\/tr>\r\n<tr>\r\n<td>Viernes<\/td>\r\n<td>23 Ene \u2013 19 Jun<\/td>\r\n<td>18:00\u201321:00<\/td>\r\n<\/tr>\r\n<tr>\r\n<td>S\u00e1bados<\/td>\r\n<td>24 Ene \u2013 13 Jun<\/td>\r\n<td>09:00\u201312:00<\/td>\r\n<\/tr>\r\n<\/tbody>\r\n<\/table>\r\n<\/figure>\r\n<\/details><!-- \/wp:details --><br \/><!-- Marzo --><br \/><!-- wp:details --><details class=\"wp-block-details\">\r\n<summary>\ud83d\uddd3\ufe0f Marzo 2026<\/summary>\r\n<figure class=\"wp-block-table\">\r\n<table>\r\n<thead>\r\n<tr>\r\n<th>D\u00edas<\/th>\r\n<th>Periodo<\/th>\r\n<th>Horario<\/th>\r\n<\/tr>\r\n<\/thead>\r\n<tbody>\r\n<tr>\r\n<td>Lunes y Mi\u00e9rcoles<\/td>\r\n<td>09 Mar \u2013 29 Jul<\/td>\r\n<td>19:30\u201321:00<\/td>\r\n<\/tr>\r\n<tr>\r\n<td>Martes y Jueves<\/td>\r\n<td>10 Mar \u2013 28 Jul<\/td>\r\n<td>19:30\u201321:00<\/td>\r\n<\/tr>\r\n<tr>\r\n<td>Viernes<\/td>\r\n<td>06 Mar \u2013 31 Jul<\/td>\r\n<td>18:00\u201321:00<\/td>\r\n<\/tr>\r\n<tr>\r\n<td>S\u00e1bados<\/td>\r\n<td>07 Mar \u2013 25 Jul<\/td>\r\n<td>09:00\u201312:00<\/td>\r\n<\/tr>\r\n<\/tbody>\r\n<\/table>\r\n<\/figure>\r\n<\/details><!-- \/wp:details --><br \/><!-- Mayo --><br \/><!-- wp:details --><details class=\"wp-block-details\">\r\n<summary>\ud83d\uddd3\ufe0f Mayo 2026<\/summary>\r\n<figure class=\"wp-block-table\">\r\n<table>\r\n<thead>\r\n<tr>\r\n<th>D\u00edas<\/th>\r\n<th>Periodo<\/th>\r\n<th>Horario<\/th>\r\n<\/tr>\r\n<\/thead>\r\n<tbody>\r\n<tr>\r\n<td>Lunes y Mi\u00e9rcoles<\/td>\r\n<td>13 May \u2013 05 Oct<\/td>\r\n<td>19:30\u201321:00<\/td>\r\n<\/tr>\r\n<tr>\r\n<td>Martes y Jueves<\/td>\r\n<td>12 May \u2013 29 Sep<\/td>\r\n<td>19:30\u201321:00<\/td>\r\n<\/tr>\r\n<tr>\r\n<td>Viernes<\/td>\r\n<td>15 May \u2013 02 Oct<\/td>\r\n<td>18:00\u201321:00<\/td>\r\n<\/tr>\r\n<tr>\r\n<td>S\u00e1bados<\/td>\r\n<td>16 May \u2013 03 Oct<\/td>\r\n<td>09:00\u201312:00<\/td>\r\n<\/tr>\r\n<\/tbody>\r\n<\/table>\r\n<\/figure>\r\n<\/details><!-- \/wp:details --><br \/><!-- Julio --><br \/><!-- wp:details --><details class=\"wp-block-details\">\r\n<summary>\ud83d\uddd3\ufe0f Julio 2025<\/summary>\r\n<figure class=\"wp-block-table\">\r\n<table>\r\n<thead>\r\n<tr>\r\n<th>D\u00edas<\/th>\r\n<th>Periodo<\/th>\r\n<th>Horario<\/th>\r\n<\/tr>\r\n<\/thead>\r\n<tbody>\r\n<tr>\r\n<td>Lunes y Mi\u00e9rcoles<\/td>\r\n<td>13 Jul \u2013 09 Dic<\/td>\r\n<td>19:30\u201321:00<\/td>\r\n<\/tr>\r\n<tr>\r\n<td>Martes y Jueves<\/td>\r\n<td>14 Jul \u2013 03 Dic<\/td>\r\n<td>19:30\u201321:00<\/td>\r\n<\/tr>\r\n<tr>\r\n<td>Viernes<\/td>\r\n<td>17 Jul \u2013 04 Dic<\/td>\r\n<td>18:00\u201321:00<\/td>\r\n<\/tr>\r\n<tr>\r\n<td>S\u00e1bados<\/td>\r\n<td>18 Jul \u2013 05 Dic<\/td>\r\n<td>09:00\u201312:00<\/td>\r\n<\/tr>\r\n<\/tbody>\r\n<\/table>\r\n<\/figure>\r\n<\/details><!-- \/wp:details --><br \/><!-- Septiembre --><br \/><!-- wp:details --><details class=\"wp-block-details\">\r\n<summary>\ud83d\uddd3\ufe0f Septiembre 2025<\/summary>\r\n<figure class=\"wp-block-table\">\r\n<table>\r\n<thead>\r\n<tr>\r\n<th>D\u00edas<\/th>\r\n<th>Periodo<\/th>\r\n<th>Horario<\/th>\r\n<th>Observaciones<\/th>\r\n<\/tr>\r\n<\/thead>\r\n<tbody>\r\n<tr>\r\n<td>Lunes y Mi\u00e9rcoles<\/td>\r\n<td>01 Sep \u2013 25 Feb<\/td>\r\n<td>19:30\u201321:00<\/td>\r\n<td>\u00daltima 2025: 10 Dic \u00b7 Regresa 12 Ene 2026<\/td>\r\n<\/tr>\r\n<tr>\r\n<td>Martes y Jueves<\/td>\r\n<td>02 Sep \u2013 19 Feb<\/td>\r\n<td>19:30\u201321:00<\/td>\r\n<td>\u00daltima 2025: 11 Dic \u00b7 Regresa 13 Ene 2026<\/td>\r\n<\/tr>\r\n<tr>\r\n<td>Martes y Viernes<\/td>\r\n<td>02 Sep \u2013 20 Feb<\/td>\r\n<td>07:30\u201309:00<\/td>\r\n<td>\u00daltima 2025: 12 Dic \u00b7 Regresa 13 Ene 2026<\/td>\r\n<\/tr>\r\n<tr>\r\n<td>Viernes<\/td>\r\n<td>29 Ago \u2013 06 Feb<\/td>\r\n<td>18:00\u201321:00<\/td>\r\n<td>\u00daltima 2025: 12 Dic \u00b7 Regresa 09 Ene 2026<\/td>\r\n<\/tr>\r\n<tr>\r\n<td>S\u00e1bados<\/td>\r\n<td>30 Ago \u2013 14 Feb<\/td>\r\n<td>09:00\u201312:00<\/td>\r\n<td>\u00daltima 2025: 13 Dic \u00b7 Regresa 10 Ene 2026<\/td>\r\n<\/tr>\r\n<\/tbody>\r\n<\/table>\r\n<\/figure>\r\n<\/details><!-- \/wp:details --><br \/><!-- Noviembre --><br \/><!-- wp:details --><details class=\"wp-block-details\">\r\n<summary>\ud83d\uddd3\ufe0f Noviembre 2025<\/summary>\r\n<figure class=\"wp-block-table\">\r\n<table>\r\n<thead>\r\n<tr>\r\n<th>D\u00edas<\/th>\r\n<th>Periodo<\/th>\r\n<th>Horario<\/th>\r\n<th>Observaciones<\/th>\r\n<\/tr>\r\n<\/thead>\r\n<tbody>\r\n<tr>\r\n<td>Lunes y Mi\u00e9rcoles<\/td>\r\n<td>03 Nov \u2013 29 Abr<\/td>\r\n<td>19:30\u201321:00<\/td>\r\n<td>\u00daltima 2025: 10 Dic \u00b7 Regresa 12 Ene 2026<\/td>\r\n<\/tr>\r\n<tr>\r\n<td>Martes y Jueves<\/td>\r\n<td>11 Nov \u2013 28 Abr<\/td>\r\n<td>19:30\u201321:00<\/td>\r\n<td>\u00daltima 2025: 11 Dic \u00b7 Regresa 13 Ene 2026<\/td>\r\n<\/tr>\r\n<tr>\r\n<td>Viernes<\/td>\r\n<td>07 Nov \u2013 17 Abr<\/td>\r\n<td>18:00\u201321:00<\/td>\r\n<td>\u00daltima 2025: 12 Dic \u00b7 Regresa 09 Ene 2026<\/td>\r\n<\/tr>\r\n<tr>\r\n<td>S\u00e1bados<\/td>\r\n<td>08 Nov \u2013 18 Abr<\/td>\r\n<td>09:00\u201312:00<\/td>\r\n<td>\u00daltima 2025: 13 Dic \u00b7 Regresa 10 Ene 2026<\/td>\r\n<\/tr>\r\n<\/tbody>\r\n<\/table>\r\n<\/figure>\r\n<\/details>\r\n<p><!-- \/wp:details --><br \/><!-- Bot\u00f3n --><br \/><!-- wp:paragraph --><a class=\"wp-block-button__link has-white-color has-vivid-cyan-blue-background-color has-text-color has-background\" href=\"https:\/\/casadobrasil.com.mx\/cdb2023\/categoria-producto\/portugues-facil\/portugues-facil-1\/\" target=\"_blank\" rel=\"noopener\">Ir a Portugu\u00e9s F\u00e1cil 01<\/a><\/p>\r\n<!-- \/wp:paragraph --><\/details>\r\n<p><!-- \/wp:details --><!-- PF02 --><b>Calendario<\/b><\/p>\r\n<!-- wp:details --><details class=\"wp-block-details\">\r\n<summary>\ud83d\udcd7 Portugu\u00e9s F\u00e1cil 02<\/summary>\r\n<!-- Enero --><details class=\"wp-block-details\">\r\n<summary>\ud83d\uddd3\ufe0f Enero<\/summary>\r\n<figure class=\"wp-block-table\">\r\n<table>\r\n<thead>\r\n<tr>\r\n<th>D\u00edas<\/th>\r\n<th>Periodo<\/th>\r\n<th>Horario<\/th>\r\n<\/tr>\r\n<\/thead>\r\n<tbody>\r\n<tr>\r\n<td>Lunes y Mi\u00e9rcoles<\/td>\r\n<td>19 Ene \u2013 15 Jun<\/td>\r\n<td>19:30\u201321:00<\/td>\r\n<\/tr>\r\n<tr>\r\n<td>Martes y Jueves<\/td>\r\n<td>20 Ene \u2013 09 Jun<\/td>\r\n<td>19:30\u201321:00<\/td>\r\n<\/tr>\r\n<tr>\r\n<td>S\u00e1bados<\/td>\r\n<td>24 Ene \u2013 13 Jun<\/td>\r\n<td>09:00\u201312:00<\/td>\r\n<\/tr>\r\n<\/tbody>\r\n<\/table>\r\n<\/figure>\r\n<\/details><!-- Marzo --><details class=\"wp-block-details\">\r\n<summary>\ud83d\uddd3\ufe0f Marzo<\/summary>\r\n<figure class=\"wp-block-table\">\r\n<table>\r\n<thead>\r\n<tr>\r\n<th>D\u00edas<\/th>\r\n<th>Periodo<\/th>\r\n<th>Horario<\/th>\r\n<\/tr>\r\n<\/thead>\r\n<tbody>\r\n<tr>\r\n<td>Lunes y Mi\u00e9rcoles<\/td>\r\n<td>09 Mar \u2013 29 Jul<\/td>\r\n<td>19:30\u201321:00<\/td>\r\n<\/tr>\r\n<tr>\r\n<td>Martes y Jueves<\/td>\r\n<td>10 Mar \u2013 28 Jul<\/td>\r\n<td>19:30\u201321:00<\/td>\r\n<\/tr>\r\n<tr>\r\n<td>S\u00e1bados<\/td>\r\n<td>07 Mar \u2013 25 Jul<\/td>\r\n<td>09:00\u201312:00<\/td>\r\n<\/tr>\r\n<\/tbody>\r\n<\/table>\r\n<\/figure>\r\n<\/details><!-- Mayo --><details class=\"wp-block-details\">\r\n<summary>\ud83d\uddd3\ufe0f Mayo<\/summary>\r\n<figure class=\"wp-block-table\">\r\n<table>\r\n<thead>\r\n<tr>\r\n<th>D\u00edas<\/th>\r\n<th>Periodo<\/th>\r\n<th>Horario<\/th>\r\n<\/tr>\r\n<\/thead>\r\n<tbody>\r\n<tr>\r\n<td>Lunes y Mi\u00e9rcoles<\/td>\r\n<td>13 May \u2013 05 Oct<\/td>\r\n<td>19:30\u201321:00<\/td>\r\n<\/tr>\r\n<tr>\r\n<td>Martes y Jueves<\/td>\r\n<td>12 May \u2013 29 Sep<\/td>\r\n<td>19:30\u201321:00<\/td>\r\n<\/tr>\r\n<tr>\r\n<td>S\u00e1bados<\/td>\r\n<td>116 May \u2013 03 Oct<\/td>\r\n<td>09:00\u201312:00<\/td>\r\n<\/tr>\r\n<\/tbody>\r\n<\/table>\r\n<\/figure>\r\n<\/details><!-- Julio --><details class=\"wp-block-details\">\r\n<summary>\ud83d\uddd3\ufe0f Julio<\/summary>\r\n<figure class=\"wp-block-table\">\r\n<table>\r\n<thead>\r\n<tr>\r\n<th>D\u00edas<\/th>\r\n<th>Periodo<\/th>\r\n<th>Horario<\/th>\r\n<\/tr>\r\n<\/thead>\r\n<tbody>\r\n<tr>\r\n<td>Lunes y Mi\u00e9rcoles<\/td>\r\n<td>13 Jul \u2013 09 Dic<\/td>\r\n<td>19:30\u201321:00<\/td>\r\n<\/tr>\r\n<tr>\r\n<td>Martes y Jueves<\/td>\r\n<td>14 Jul \u2013 03 Dic<\/td>\r\n<td>19:30\u201321:00<\/td>\r\n<\/tr>\r\n<tr>\r\n<td>S\u00e1bados<\/td>\r\n<td>18 Jul \u2013 05 Dic<\/td>\r\n<td>09:00\u201312:00<\/td>\r\n<\/tr>\r\n<\/tbody>\r\n<\/table>\r\n<\/figure>\r\n<\/details><!-- Septiembre --><details class=\"wp-block-details\">\r\n<summary>\ud83d\uddd3\ufe0f Septiembre<\/summary>\r\n<figure class=\"wp-block-table\">\r\n<table>\r\n<thead>\r\n<tr>\r\n<th>D\u00edas<\/th>\r\n<th>Periodo<\/th>\r\n<th>Horario<\/th>\r\n<\/tr>\r\n<\/thead>\r\n<tbody>\r\n<tr>\r\n<td>Lunes y Mi\u00e9rcoles<\/td>\r\n<td>01 Sep \u2013 25 Feb<\/td>\r\n<td>19:30\u201321:00<\/td>\r\n<\/tr>\r\n<tr>\r\n<td>Martes y Jueves<\/td>\r\n<td>02 Sep \u2013 19 Feb<\/td>\r\n<td>19:30\u201321:00<\/td>\r\n<\/tr>\r\n<tr>\r\n<td>S\u00e1bados<\/td>\r\n<td>30 Ago \u2013 14 Feb<\/td>\r\n<td>09:00\u201312:00<\/td>\r\n<\/tr>\r\n<\/tbody>\r\n<\/table>\r\n<\/figure>\r\n<\/details><!-- Noviembre --><details class=\"wp-block-details\">\r\n<summary>\ud83d\uddd3\ufe0f Noviembre<\/summary>\r\n<figure class=\"wp-block-table\">\r\n<table>\r\n<thead>\r\n<tr>\r\n<th>D\u00edas<\/th>\r\n<th>Periodo<\/th>\r\n<th>Horario<\/th>\r\n<\/tr>\r\n<\/thead>\r\n<tbody>\r\n<tr>\r\n<td>Lunes y Mi\u00e9rcoles<\/td>\r\n<td>03 Nov \u2013 29 Abr<\/td>\r\n<td>19:30\u201321:00<\/td>\r\n<\/tr>\r\n<tr>\r\n<td>Martes y Jueves<\/td>\r\n<td>11 Nov \u2013 28 Abr<\/td>\r\n<td>19:30\u201321:00<\/td>\r\n<\/tr>\r\n<tr>\r\n<td>S\u00e1bados<\/td>\r\n<td>08 Nov \u2013 18 Abr<\/td>\r\n<td>09:00\u201312:00<\/td>\r\n<\/tr>\r\n<\/tbody>\r\n<\/table>\r\n<\/figure>\r\n<\/details>\r\n<p><!-- Bot\u00f3n --><br \/><!-- wp:paragraph --><a class=\"wp-block-button__link has-black-color has-luminous-vivid-amber-background-color has-text-color has-background\" href=\"https:\/\/casadobrasil.com.mx\/cdb2023\/categoria-producto\/portugues-facil\/portugues-facil-2\/\" target=\"_blank\" rel=\"noopener\">Ir a Portugu\u00e9s F\u00e1cil 02<\/a><\/p>\r\n<!-- \/wp:paragraph --><\/details>\r\n<p><!-- \/wp:details --><!-- CURSOS BIMESTRALES -->\u00a0<\/p>\r\n<!-- wp:heading {\"level\":2} -->\r\n<h2 id=\"bimestral\">\ud83d\uddd3\ufe0f Cursos Bimestrales 2025 y 2026<\/h2>\r\n<p><b>Horarios disponibles: 7:30 a 9:00 h, 14:00 a 15:30 h, 19:30 a 21:00 h<\/b><br \/><!-- wp:paragraph -->Compra y detalles en <a href=\"https:\/\/casadobrasil.com.mx\/cdb2023\/categoria-producto\/fale-comigo\/bimestral\/\" target=\"_blank\" rel=\"noopener\">esta categor\u00eda<\/a>.<\/p>\r\n<p><!-- \/wp:paragraph --><!-- Enero --><b>Calendario<\/b><\/p>\r\n<!-- wp:details --><details class=\"wp-block-details\">\r\n<summary>\ud83d\uddd3\ufe0f Febrero 2026<\/summary>\r\n<figure class=\"wp-block-table\">\r\n<table>\r\n<thead>\r\n<tr>\r\n<th>D\u00edas<\/th>\r\n<th>Periodo<\/th>\r\n<th>Observaciones<\/th>\r\n<\/tr>\r\n<\/thead>\r\n<tbody>\r\n<tr>\r\n<td>Lun\/Mi\u00e9\/Jue<\/td>\r\n<td>09 Feb \u2013 06 Abr<\/td>\r\n<td>2026<\/td>\r\n<\/tr>\r\n<\/tbody>\r\n<\/table>\r\n<\/figure>\r\n<\/details>\r\n<p><!-- \/wp:details --><!-- Abril -->\u00a0<\/p>\r\n<!-- wp:details --><details class=\"wp-block-details\">\r\n<summary>\ud83d\uddd3\ufe0f Abril 2026<\/summary>\r\n<figure class=\"wp-block-table\">\r\n<table>\r\n<thead>\r\n<tr>\r\n<th>D\u00edas<\/th>\r\n<th>Periodo<\/th>\r\n<th>Observaciones<\/th>\r\n<\/tr>\r\n<\/thead>\r\n<tbody>\r\n<tr>\r\n<td>Lun\/Mi\u00e9\/Jue<\/td>\r\n<td>15 Abr \u2013 10 Jun<\/td>\r\n<td>2026<\/td>\r\n<\/tr>\r\n<\/tbody>\r\n<\/table>\r\n<\/figure>\r\n<\/details>\r\n<p><!-- \/wp:details --><!-- Junio -->\u00a0<\/p>\r\n<!-- wp:details --><details class=\"wp-block-details\">\r\n<summary>\ud83d\uddd3\ufe0f Junio 2026<\/summary>\r\n<figure class=\"wp-block-table\">\r\n<table>\r\n<thead>\r\n<tr>\r\n<th>D\u00edas<\/th>\r\n<th>Periodo<\/th>\r\n<th>Observaciones<\/th>\r\n<\/tr>\r\n<\/thead>\r\n<tbody>\r\n<tr>\r\n<td>Lun\/Mi\u00e9\/Jue<\/td>\r\n<td>22 Jun \u2013 13 Ago<\/td>\r\n<td>2026<\/td>\r\n<\/tr>\r\n<\/tbody>\r\n<\/table>\r\n<\/figure>\r\n<\/details>\r\n<p><!-- \/wp:details --><!-- Agosto -->\u00a0<\/p>\r\n<!-- wp:details --><details class=\"wp-block-details\">\r\n<summary>\ud83d\uddd3\ufe0f Agosto 2025<\/summary>\r\n<figure class=\"wp-block-table\">\r\n<table>\r\n<thead>\r\n<tr>\r\n<th>D\u00edas<\/th>\r\n<th>Periodo<\/th>\r\n<th>Observaciones<\/th>\r\n<\/tr>\r\n<\/thead>\r\n<tbody>\r\n<tr>\r\n<td>Lun\/Mi\u00e9\/Jue<\/td>\r\n<td>24 Ago \u2013 21 Oct<\/td>\r\n<td>2025<\/td>\r\n<\/tr>\r\n<\/tbody>\r\n<\/table>\r\n<\/figure>\r\n<\/details>\r\n<p><!-- \/wp:details --><!-- Noviembre -->\u00a0<\/p>\r\n<!-- wp:details --><details class=\"wp-block-details\">\r\n<summary>\ud83d\uddd3\ufe0f Noviembre 2025<\/summary>\r\n<figure class=\"wp-block-table\">\r\n<table>\r\n<thead>\r\n<tr>\r\n<th>D\u00edas<\/th>\r\n<th>Periodo<\/th>\r\n<th>Observaciones<\/th>\r\n<\/tr>\r\n<\/thead>\r\n<tbody>\r\n<tr>\r\n<td>Lun\/Mi\u00e9\/Jue<\/td>\r\n<td>04 Nov \u2013 14 Dic<\/td>\r\n<td>Regreso 12 enero; finaliza 25 enero 2026<\/td>\r\n<\/tr>\r\n<\/tbody>\r\n<\/table>\r\n<\/figure>\r\n<\/details>\r\n<p><!-- \/wp:details --><!-- TALLER DE CONVERSACI\u00d3N -->\u00a0<\/p>\r\n<!-- wp:heading {\"level\":2} -->\r\n<h2 id=\"taller\">\ud83d\udcac Taller de Conversaci\u00f3n 2025 y 2026<\/h2>\r\n<p><!-- \/wp:heading --><br \/><!-- wp:paragraph -->Compra y detalles en el <a href=\"https:\/\/casadobrasil.com.mx\/cdb2023\/producto\/taller-de-conversacion\/\" target=\"_blank\" rel=\"noopener\">Taller de conversaci\u00f3n<\/a>.<\/p>\r\n<p><!-- \/wp:paragraph -->\u00a0<\/p>\r\n<!-- wp:table -->\r\n<figure class=\"wp-block-table\">\r\n<table>\r\n<thead>\r\n<tr>\r\n<th>Mes\/Bloque<\/th>\r\n<th>D\u00edas<\/th>\r\n<th>Horarios<\/th>\r\n<th>Rango<\/th>\r\n<th>Niveles<\/th>\r\n<\/tr>\r\n<\/thead>\r\n<tbody>\r\n<tr>\r\n<td><strong>Enero<\/strong><\/td>\r\n<td>S\u00e1bados<\/td>\r\n<td>09:00\u201310:30 \/ 11:00\u201312:30<\/td>\r\n<td>31 Ene \u2013 21 Mar 2026<\/td>\r\n<td>B\u00e1sico 02 a Intermedios \/ Avanzados<\/td>\r\n<\/tr>\r\n<tr>\r\n<td><strong>Marzo<\/strong><\/td>\r\n<td>Lun y Mi\u00e9<\/td>\r\n<td>19:30\u201321:00<\/td>\r\n<td>09 Mar \u2013 06 Abr 2026<\/td>\r\n<td>B\u00e1sico 02 a Intermedios<\/td>\r\n<\/tr>\r\n<tr>\r\n<td>\u00a0<\/td>\r\n<td>Mar y Jue<\/td>\r\n<td>19:30\u201321:00<\/td>\r\n<td>10 Mar \u2013 02 Abr 2026<\/td>\r\n<td>Avanzados<\/td>\r\n<\/tr>\r\n<tr>\r\n<td><strong>Abril<\/strong><\/td>\r\n<td>S\u00e1bados<\/td>\r\n<td>09:00\u201310:30 \/ 11:00\u201312:30<\/td>\r\n<td>11 Abr \u2013 30 May 2026<\/td>\r\n<td>B\u00e1sico 02 a Intermedios \/ Avanzados<\/td>\r\n<\/tr>\r\n<tr>\r\n<td><strong>Mayo<\/strong><\/td>\r\n<td>Lun y Mi\u00e9<\/td>\r\n<td>19:30\u201321:00<\/td>\r\n<td>11 May \u2013 03 Jun 2026<\/td>\r\n<td>B\u00e1sico 02 a Intermedios<\/td>\r\n<\/tr>\r\n<tr>\r\n<td>\u00a0<\/td>\r\n<td>Mar y Jue<\/td>\r\n<td>19:30\u201321:00<\/td>\r\n<td>12 May \u2013 04 Jun 2026<\/td>\r\n<td>Avanzados<\/td>\r\n<\/tr>\r\n<tr>\r\n<td><strong>Junio<\/strong><\/td>\r\n<td>S\u00e1bados<\/td>\r\n<td>09:00\u201310:30 \/ 11:00\u201312:30<\/td>\r\n<td>06 Jun \u2013 25 Jul 2026<\/td>\r\n<td>B\u00e1sico 02 a Intermedios \/ Avanzados<\/td>\r\n<\/tr>\r\n<tr>\r\n<td><strong>Julio<\/strong><\/td>\r\n<td>Lun y Mi\u00e9<\/td>\r\n<td>19:30\u201321:00<\/td>\r\n<td>06 Jul \u2013 29 Jul 2026<\/td>\r\n<td>B\u00e1sico 02 a Intermedios<\/td>\r\n<\/tr>\r\n<tr>\r\n<td>\u00a0<\/td>\r\n<td>Mar y Jue<\/td>\r\n<td>19:30\u201321:00<\/td>\r\n<td>07 Jul \u2013 30 Jul 2026<\/td>\r\n<td>Avanzados<\/td>\r\n<\/tr>\r\n<tr>\r\n<td><strong>Agosto<\/strong><\/td>\r\n<td>S\u00e1bados<\/td>\r\n<td>09:00\u201310:30 \/ 11:00\u201312:30<\/td>\r\n<td>02 Ago \u2013 27 Sep 2025<\/td>\r\n<td>B\u00e1sico 02 a Intermedios \/ Avanzados<\/td>\r\n<\/tr>\r\n<tr>\r\n<td><strong>Septiembre<\/strong><\/td>\r\n<td>Lun y Mi\u00e9<\/td>\r\n<td>19:30\u201321:00<\/td>\r\n<td>03 Sep \u2013 01 Oct 2025<\/td>\r\n<td>B\u00e1sico 02 a Intermedios<\/td>\r\n<\/tr>\r\n<tr>\r\n<td>\u00a0<\/td>\r\n<td>Mar y Jue<\/td>\r\n<td>19:30\u201321:00<\/td>\r\n<td>02 Sep \u2013 30 Sep 2025<\/td>\r\n<td>Avanzados<\/td>\r\n<\/tr>\r\n<tr>\r\n<td><strong>Octubre<\/strong><\/td>\r\n<td>S\u00e1bados<\/td>\r\n<td>09:00\u201310:30 \/ 11:00\u201312:30<\/td>\r\n<td>04 Oct \u2013 29 Nov 2025<\/td>\r\n<td>B\u00e1sico 02 a Intermedios \/ Avanzados<\/td>\r\n<\/tr>\r\n<tr>\r\n<td><strong>Noviembre<\/strong><\/td>\r\n<td>Lun y Mi\u00e9<\/td>\r\n<td>19:30\u201321:00<\/td>\r\n<td>03 Nov \u2013 01 Dic 2025<\/td>\r\n<td>B\u00e1sico 02 a Intermedios<\/td>\r\n<\/tr>\r\n<tr>\r\n<td>\u00a0<\/td>\r\n<td>Mar y Jue<\/td>\r\n<td>19:30\u201321:00<\/td>\r\n<td>04 Nov \u2013 27 Nov 2025<\/td>\r\n<td>Avanzados<\/td>\r\n<\/tr>\r\n<\/tbody>\r\n<\/table>\r\n<\/figure>\r\n<p><!-- \/wp:table --><!-- CTA FINAL -->\u00a0<\/p>\r\n<!-- wp:group {\"style\":{\"spacing\":{\"padding\":{\"top\":\"16px\",\"bottom\":\"16px\",\"left\":\"16px\",\"right\":\"16px\"}},\"border\":{\"radius\":\"12px\",\"width\":\"1px\"}},\"borderColor\":\"slate-300\",\"backgroundColor\":\"white\"} -->\r\n<div class=\"wp-block-group has-border-color has-slate-300-border-color has-white-background-color has-background\" style=\"border-width: 1px; border-radius: 12px; padding: 16px;\">\r\n<p><!-- wp:paragraph --><strong>\u00bfListo para inscribirte?<\/strong> Visita la categor\u00eda correspondiente o escr\u00edbenos para ayudarte a ubicar el grupo ideal.<\/p>\r\n<!-- \/wp:paragraph --><\/div>\r\n<p><!-- \/wp:group -->\u00a0<\/p>\r\n[\/vc_column_text][\/vc_column][\/vc_row]","protected":false},"excerpt":{"rendered":"<p>[vc_row type=&#8221;in_container&#8221; full_screen_row_position=&#8221;middle&#8221; column_margin=&#8221;default&#8221; column_direction=&#8221;default&#8221; column_direction_tablet=&#8221;default&#8221; column_direction_phone=&#8221;default&#8221; scene_position=&#8221;center&#8221; text_color=&#8221;dark&#8221; text_align=&#8221;left&#8221; row_border_radius=&#8221;none&#8221; row_border_radius_applies=&#8221;bg&#8221; overflow=&#8221;visible&#8221; overlay_strength=&#8221;0.3&#8243; gradient_direction=&#8221;left_to_right&#8221; shape_divider_position=&#8221;bottom&#8221; bg_image_animation=&#8221;none&#8221;][vc_column column_padding=&#8221;no-extra-padding&#8221; column_padding_tablet=&#8221;inherit&#8221; column_padding_phone=&#8221;inherit&#8221; column_padding_position=&#8221;all&#8221; column_element_direction_desktop=&#8221;default&#8221; column_element_spacing=&#8221;default&#8221; desktop_text_alignment=&#8221;default&#8221; tablet_text_alignment=&#8221;default&#8221; phone_text_alignment=&#8221;default&#8221; background_color_opacity=&#8221;1&#8243; background_hover_color_opacity=&#8221;1&#8243; column_backdrop_filter=&#8221;none&#8221; column_shadow=&#8221;none&#8221;&#8230;<\/p>\n","protected":false},"author":3,"featured_media":0,"parent":0,"menu_order":0,"comment_status":"closed","ping_status":"closed","template":"","meta":{"productId":0,"courseId":0,"_joinchat":[],"footnotes":""},"class_list":["post-34497","page","type-page","status-publish"],"yoast_head":"<!-- This site is optimized with the Yoast SEO plugin v27.4 - https:\/\/yoast.com\/product\/yoast-seo-wordpress\/ -->\n<title>Calendario Cursos y Talleres de Portugu\u00e9s - Casa do Brasil en M\u00e9xico \u2013 Cursos de Portugu\u00e9s<\/title>\n<meta name=\"robots\" content=\"index, follow, max-snippet:-1, max-image-preview:large, max-video-preview:-1\" \/>\n<link rel=\"canonical\" href=\"https:\/\/casadobrasil.com.mx\/cdb2023\/calendario-cursos-y-talleres-de-portugues\/\" \/>\n<meta property=\"og:locale\" content=\"es_MX\" \/>\n<meta property=\"og:type\" content=\"article\" \/>\n<meta property=\"og:title\" content=\"Calendario Cursos y Talleres de Portugu\u00e9s - Casa do Brasil en M\u00e9xico \u2013 Cursos de Portugu\u00e9s\" \/>\n<meta property=\"og:description\" content=\"[vc_row type=&#8221;in_container&#8221; full_screen_row_position=&#8221;middle&#8221; column_margin=&#8221;default&#8221; column_direction=&#8221;default&#8221; column_direction_tablet=&#8221;default&#8221; column_direction_phone=&#8221;default&#8221; scene_position=&#8221;center&#8221; text_color=&#8221;dark&#8221; text_align=&#8221;left&#8221; row_border_radius=&#8221;none&#8221; row_border_radius_applies=&#8221;bg&#8221; overflow=&#8221;visible&#8221; overlay_strength=&#8221;0.3&#8243; gradient_direction=&#8221;left_to_right&#8221; shape_divider_position=&#8221;bottom&#8221; bg_image_animation=&#8221;none&#8221;][vc_column column_padding=&#8221;no-extra-padding&#8221; column_padding_tablet=&#8221;inherit&#8221; column_padding_phone=&#8221;inherit&#8221; column_padding_position=&#8221;all&#8221; column_element_direction_desktop=&#8221;default&#8221; column_element_spacing=&#8221;default&#8221; desktop_text_alignment=&#8221;default&#8221; tablet_text_alignment=&#8221;default&#8221; phone_text_alignment=&#8221;default&#8221; background_color_opacity=&#8221;1&#8243; background_hover_color_opacity=&#8221;1&#8243; column_backdrop_filter=&#8221;none&#8221; column_shadow=&#8221;none&#8221;...\" \/>\n<meta property=\"og:url\" content=\"https:\/\/casadobrasil.com.mx\/cdb2023\/calendario-cursos-y-talleres-de-portugues\/\" \/>\n<meta property=\"og:site_name\" content=\"Casa do Brasil en M\u00e9xico \u2013 Cursos de Portugu\u00e9s\" \/>\n<meta property=\"article:publisher\" content=\"https:\/\/www.facebook.com\/casadobrasilmx\/\" \/>\n<meta property=\"article:modified_time\" content=\"2025-09-30T02:05:41+00:00\" \/>\n<meta name=\"twitter:card\" content=\"summary_large_image\" \/>\n<meta name=\"twitter:site\" content=\"@casadobrasil\" \/>\n<meta name=\"twitter:label1\" content=\"Tiempo de lectura\" \/>\n\t<meta name=\"twitter:data1\" content=\"7 minutos\" \/>\n<script type=\"application\/ld+json\" class=\"yoast-schema-graph\">{\"@context\":\"https:\\\/\\\/schema.org\",\"@graph\":[{\"@type\":\"WebPage\",\"@id\":\"https:\\\/\\\/casadobrasil.com.mx\\\/cdb2023\\\/calendario-cursos-y-talleres-de-portugues\\\/\",\"url\":\"https:\\\/\\\/casadobrasil.com.mx\\\/cdb2023\\\/calendario-cursos-y-talleres-de-portugues\\\/\",\"name\":\"Calendario Cursos y Talleres de Portugu\u00e9s - Casa do Brasil en M\u00e9xico \u2013 Cursos de Portugu\u00e9s\",\"isPartOf\":{\"@id\":\"https:\\\/\\\/casadobrasil.com.mx\\\/cdb2023\\\/#website\"},\"datePublished\":\"2025-09-23T17:12:05+00:00\",\"dateModified\":\"2025-09-30T02:05:41+00:00\",\"breadcrumb\":{\"@id\":\"https:\\\/\\\/casadobrasil.com.mx\\\/cdb2023\\\/calendario-cursos-y-talleres-de-portugues\\\/#breadcrumb\"},\"inLanguage\":\"es\",\"potentialAction\":[{\"@type\":\"ReadAction\",\"target\":[\"https:\\\/\\\/casadobrasil.com.mx\\\/cdb2023\\\/calendario-cursos-y-talleres-de-portugues\\\/\"]}]},{\"@type\":\"BreadcrumbList\",\"@id\":\"https:\\\/\\\/casadobrasil.com.mx\\\/cdb2023\\\/calendario-cursos-y-talleres-de-portugues\\\/#breadcrumb\",\"itemListElement\":[{\"@type\":\"ListItem\",\"position\":1,\"name\":\"Inicio\",\"item\":\"https:\\\/\\\/casadobrasil.com.mx\\\/cdb2023\\\/\"},{\"@type\":\"ListItem\",\"position\":2,\"name\":\"Calendario Cursos y Talleres de Portugu\u00e9s\"}]},{\"@type\":\"WebSite\",\"@id\":\"https:\\\/\\\/casadobrasil.com.mx\\\/cdb2023\\\/#website\",\"url\":\"https:\\\/\\\/casadobrasil.com.mx\\\/cdb2023\\\/\",\"name\":\"Casa do Brasil en M\u00e9xico \u2013 Cursos de Portugu\u00e9s\",\"description\":\"Cursos de Portugu\u00e9s Online en M\u00e9xico. Profesores nativos Gobierno de Brasil Celpe-bras\",\"publisher\":{\"@id\":\"https:\\\/\\\/casadobrasil.com.mx\\\/cdb2023\\\/#organization\"},\"potentialAction\":[{\"@type\":\"SearchAction\",\"target\":{\"@type\":\"EntryPoint\",\"urlTemplate\":\"https:\\\/\\\/casadobrasil.com.mx\\\/cdb2023\\\/?s={search_term_string}\"},\"query-input\":{\"@type\":\"PropertyValueSpecification\",\"valueRequired\":true,\"valueName\":\"search_term_string\"}}],\"inLanguage\":\"es\"},{\"@type\":\"Organization\",\"@id\":\"https:\\\/\\\/casadobrasil.com.mx\\\/cdb2023\\\/#organization\",\"name\":\"Casa do Brasil en M\u00e9xico \u2013 Cursos de Portugu\u00e9s\",\"url\":\"https:\\\/\\\/casadobrasil.com.mx\\\/cdb2023\\\/\",\"logo\":{\"@type\":\"ImageObject\",\"inLanguage\":\"es\",\"@id\":\"https:\\\/\\\/casadobrasil.com.mx\\\/cdb2023\\\/#\\\/schema\\\/logo\\\/image\\\/\",\"url\":\"https:\\\/\\\/casadobrasil.com.mx\\\/cdb2023\\\/wp-content\\\/uploads\\\/2022\\\/12\\\/logo-casa-do-brasil.png\",\"contentUrl\":\"https:\\\/\\\/casadobrasil.com.mx\\\/cdb2023\\\/wp-content\\\/uploads\\\/2022\\\/12\\\/logo-casa-do-brasil.png\",\"width\":480,\"height\":270,\"caption\":\"Casa do Brasil en M\u00e9xico \u2013 Cursos de Portugu\u00e9s\"},\"image\":{\"@id\":\"https:\\\/\\\/casadobrasil.com.mx\\\/cdb2023\\\/#\\\/schema\\\/logo\\\/image\\\/\"},\"sameAs\":[\"https:\\\/\\\/www.facebook.com\\\/casadobrasilmx\\\/\",\"https:\\\/\\\/x.com\\\/casadobrasil\"]}]}<\/script>\n<!-- \/ Yoast SEO plugin. -->","yoast_head_json":{"title":"Calendario Cursos y Talleres de Portugu\u00e9s - Casa do Brasil en M\u00e9xico \u2013 Cursos de Portugu\u00e9s","robots":{"index":"index","follow":"follow","max-snippet":"max-snippet:-1","max-image-preview":"max-image-preview:large","max-video-preview":"max-video-preview:-1"},"canonical":"https:\/\/casadobrasil.com.mx\/cdb2023\/calendario-cursos-y-talleres-de-portugues\/","og_locale":"es_MX","og_type":"article","og_title":"Calendario Cursos y Talleres de Portugu\u00e9s - Casa do Brasil en M\u00e9xico \u2013 Cursos de Portugu\u00e9s","og_description":"[vc_row type=&#8221;in_container&#8221; full_screen_row_position=&#8221;middle&#8221; column_margin=&#8221;default&#8221; column_direction=&#8221;default&#8221; column_direction_tablet=&#8221;default&#8221; column_direction_phone=&#8221;default&#8221; scene_position=&#8221;center&#8221; text_color=&#8221;dark&#8221; text_align=&#8221;left&#8221; row_border_radius=&#8221;none&#8221; row_border_radius_applies=&#8221;bg&#8221; overflow=&#8221;visible&#8221; overlay_strength=&#8221;0.3&#8243; gradient_direction=&#8221;left_to_right&#8221; shape_divider_position=&#8221;bottom&#8221; bg_image_animation=&#8221;none&#8221;][vc_column column_padding=&#8221;no-extra-padding&#8221; column_padding_tablet=&#8221;inherit&#8221; column_padding_phone=&#8221;inherit&#8221; column_padding_position=&#8221;all&#8221; column_element_direction_desktop=&#8221;default&#8221; column_element_spacing=&#8221;default&#8221; desktop_text_alignment=&#8221;default&#8221; tablet_text_alignment=&#8221;default&#8221; phone_text_alignment=&#8221;default&#8221; background_color_opacity=&#8221;1&#8243; background_hover_color_opacity=&#8221;1&#8243; column_backdrop_filter=&#8221;none&#8221; column_shadow=&#8221;none&#8221;...","og_url":"https:\/\/casadobrasil.com.mx\/cdb2023\/calendario-cursos-y-talleres-de-portugues\/","og_site_name":"Casa do Brasil en M\u00e9xico \u2013 Cursos de Portugu\u00e9s","article_publisher":"https:\/\/www.facebook.com\/casadobrasilmx\/","article_modified_time":"2025-09-30T02:05:41+00:00","twitter_card":"summary_large_image","twitter_site":"@casadobrasil","twitter_misc":{"Tiempo de lectura":"7 minutos"},"schema":{"@context":"https:\/\/schema.org","@graph":[{"@type":"WebPage","@id":"https:\/\/casadobrasil.com.mx\/cdb2023\/calendario-cursos-y-talleres-de-portugues\/","url":"https:\/\/casadobrasil.com.mx\/cdb2023\/calendario-cursos-y-talleres-de-portugues\/","name":"Calendario Cursos y Talleres de Portugu\u00e9s - Casa do Brasil en M\u00e9xico \u2013 Cursos de Portugu\u00e9s","isPartOf":{"@id":"https:\/\/casadobrasil.com.mx\/cdb2023\/#website"},"datePublished":"2025-09-23T17:12:05+00:00","dateModified":"2025-09-30T02:05:41+00:00","breadcrumb":{"@id":"https:\/\/casadobrasil.com.mx\/cdb2023\/calendario-cursos-y-talleres-de-portugues\/#breadcrumb"},"inLanguage":"es","potentialAction":[{"@type":"ReadAction","target":["https:\/\/casadobrasil.com.mx\/cdb2023\/calendario-cursos-y-talleres-de-portugues\/"]}]},{"@type":"BreadcrumbList","@id":"https:\/\/casadobrasil.com.mx\/cdb2023\/calendario-cursos-y-talleres-de-portugues\/#breadcrumb","itemListElement":[{"@type":"ListItem","position":1,"name":"Inicio","item":"https:\/\/casadobrasil.com.mx\/cdb2023\/"},{"@type":"ListItem","position":2,"name":"Calendario Cursos y Talleres de Portugu\u00e9s"}]},{"@type":"WebSite","@id":"https:\/\/casadobrasil.com.mx\/cdb2023\/#website","url":"https:\/\/casadobrasil.com.mx\/cdb2023\/","name":"Casa do Brasil en M\u00e9xico \u2013 Cursos de Portugu\u00e9s","description":"Cursos de Portugu\u00e9s Online en M\u00e9xico. Profesores nativos Gobierno de Brasil Celpe-bras","publisher":{"@id":"https:\/\/casadobrasil.com.mx\/cdb2023\/#organization"},"potentialAction":[{"@type":"SearchAction","target":{"@type":"EntryPoint","urlTemplate":"https:\/\/casadobrasil.com.mx\/cdb2023\/?s={search_term_string}"},"query-input":{"@type":"PropertyValueSpecification","valueRequired":true,"valueName":"search_term_string"}}],"inLanguage":"es"},{"@type":"Organization","@id":"https:\/\/casadobrasil.com.mx\/cdb2023\/#organization","name":"Casa do Brasil en M\u00e9xico \u2013 Cursos de Portugu\u00e9s","url":"https:\/\/casadobrasil.com.mx\/cdb2023\/","logo":{"@type":"ImageObject","inLanguage":"es","@id":"https:\/\/casadobrasil.com.mx\/cdb2023\/#\/schema\/logo\/image\/","url":"https:\/\/casadobrasil.com.mx\/cdb2023\/wp-content\/uploads\/2022\/12\/logo-casa-do-brasil.png","contentUrl":"https:\/\/casadobrasil.com.mx\/cdb2023\/wp-content\/uploads\/2022\/12\/logo-casa-do-brasil.png","width":480,"height":270,"caption":"Casa do Brasil en M\u00e9xico \u2013 Cursos de Portugu\u00e9s"},"image":{"@id":"https:\/\/casadobrasil.com.mx\/cdb2023\/#\/schema\/logo\/image\/"},"sameAs":["https:\/\/www.facebook.com\/casadobrasilmx\/","https:\/\/x.com\/casadobrasil"]}]}},"_links":{"self":[{"href":"https:\/\/casadobrasil.com.mx\/cdb2023\/wp-json\/wp\/v2\/pages\/34497","targetHints":{"allow":["GET"]}}],"collection":[{"href":"https:\/\/casadobrasil.com.mx\/cdb2023\/wp-json\/wp\/v2\/pages"}],"about":[{"href":"https:\/\/casadobrasil.com.mx\/cdb2023\/wp-json\/wp\/v2\/types\/page"}],"author":[{"embeddable":true,"href":"https:\/\/casadobrasil.com.mx\/cdb2023\/wp-json\/wp\/v2\/users\/3"}],"replies":[{"embeddable":true,"href":"https:\/\/casadobrasil.com.mx\/cdb2023\/wp-json\/wp\/v2\/comments?post=34497"}],"version-history":[{"count":31,"href":"https:\/\/casadobrasil.com.mx\/cdb2023\/wp-json\/wp\/v2\/pages\/34497\/revisions"}],"predecessor-version":[{"id":34604,"href":"https:\/\/casadobrasil.com.mx\/cdb2023\/wp-json\/wp\/v2\/pages\/34497\/revisions\/34604"}],"wp:attachment":[{"href":"https:\/\/casadobrasil.com.mx\/cdb2023\/wp-json\/wp\/v2\/media?parent=34497"}],"curies":[{"name":"wp","href":"https:\/\/api.w.org\/{rel}","templated":true}]}}